{"version":"1.0","provider_name":"H\u00e1eR - Emberibb Szervezetek","provider_url":"https:\/\/emberibb.cafeblog.hu","author_name":"Seres Erika","author_url":"https:\/\/emberibb.cafeblog.hu\/author\/seres_erika\/","title":"Mit tehet aZ\u00c9n gener\u00e1ci\u00f3(m) a Te gener\u00e1ci\u00f3d\u00e9rt?","html":"<p>Megint feln\u0151tt egy gener\u00e1ci\u00f3. \u00c9n ugyan m\u00e1r nem leszek Z\u00c9, de ezzel kapcsolatosan meg kell osztanom Veletek valamit.\u00a0<\/p>\r\n<p>Annyira durva, hogy azok, akik most egyetemist\u00e1k \u00e9s mindj\u00e1rt dolgoznak, vagy m\u00e1r nagyon dolgoznak, \u00e9ppen beszoktatt\u00e1k \u0151ket a b\u00f6lcsibe meg az oviba akkor, amikor \u00e9n m\u00e9g kezd\u0151 egyetemista voltam. Ezeknek a mai Z\u00c9-knek teljesen m\u00e1s mentalit\u00e1s \u00e9s hozz\u00e1\u00e1ll\u00e1s folyik az ereikben, mint anno nek\u00fcnk, sz\u00fcleinknek, esetenk\u00e9nt nagysz\u00fcleinknek.<\/p>\r\n<p>\u0150k egy csodagener\u00e1ci\u00f3, rengeteget tanulhatunk t\u0151l\u00fck, n\u00e9zz\u00fck is meg, hogy miket:<\/p>\r\n<p>- Amit a munkaer\u0151piacon tapasztaltam vel\u00fck kapcsolatban, az meglep\u0151en radik\u00e1lis, de j\u00f3 \u00e9rtelemben. K\u00e9pesek \u00e1tford\u00edtani a j\u00e1tszm\u00e1t. Nem el\u00e9gednek meg a kev\u00e9ssel, mert pontosan tudj\u00e1k, mennyib\u0151l lehet j\u00f3l meg\u00e9lni. De ez\u00e9rt hajland\u00f3ak is dolgozni. <br \/>Vegy\u00fcnk egy p\u00e9ld\u00e1t. Az informatikusok a legkeresettebbek szakm\u00e1khoz tartoznak. Ez a gener\u00e1ci\u00f3 \u00fagy sz\u00fcletett, hogy tudott m\u00e1r programozni. \u00c9s ebben tov\u00e1bb fejl\u0151d\u00f6tt. Meg is k\u00e9ri az \u00e1r\u00e1t, mert logaritmusok folynak az ereikben. Neked, mint munk\u00e1ltat\u00f3nak el\u0151bb ut\u00f3bb sz\u00fcks\u00e9ged lehet egy saj\u00e1t fejleszt\u0151re, vagy egy ilyen c\u00e9gre. Ha megfizeted, neked fog dolgozni. Ha nem, elmegy m\u00e1shoz, aki viszont megfizeti. Tess\u00e9k? A munkav\u00e1llal\u00f3 dikt\u00e1l? Ebben a felgyorsult vil\u00e1gban k\u00f6nnyen el\u0151fordulhat.<\/p>\r\n<p>- Sz\u00edvesen \u00e9rt\u00e9kes\u00edtenek. Valljuk be \u0151szint\u00e9n, ez sokaknak el\u00e9g nagy kih\u00edv\u00e1st jelent. De nekik megy. Kisujjukban van a lazas\u00e1g, a tettrek\u00e9szs\u00e9g, a mobilit\u00e1s, magas benn\u00fck a v\u00e1ltoz\u00e1sra val\u00f3 hajlam.<\/p>\r\n[caption id=\"attachment_33\" align=\"aligncenter\" width=\"300\"]<a href=\"https:\/\/emberibb.cafeblog.hu\/files\/2015\/12\/image5.jpg\"><img class=\"size-medium wp-image-33\" src=\"https:\/\/emberibb.cafeblog.hu\/files\/2015\/12\/image5-300x188.jpg\" alt=\"Z gener\u00e1ci\u00f3\" width=\"300\" height=\"188\" \/><\/a> Z gener\u00e1ci\u00f3[\/caption]\r\n<p>- Elk\u00e9peszt\u0151 c\u00e9ltudatoss\u00e1g jellemzi \u0151ket, ami kell\u0151 magabiztoss\u00e1ggal p\u00e1rosul. V\u00e9gy magad mell\u00e9 egy Z\u00e9 gener\u00e1ci\u00f3st \u00e9s fiatalodj vissza ak\u00e1r \u00e9vtizedeket :) k\u00fcl\u00f6n\u00f6s p\u00e1ros\u00edt\u00e1s lesz, ebben biztos lehetsz ;)<\/p>\r\n<p>- \u0150k val\u00f3ban fogj\u00e1k \u00e9lni a nyolc\u00f3ramunka-nyolc\u00f3rapihen\u00e9s m\u0171faj\u00e1t, kev\u00e9sb\u00e9 megalkuv\u00f3k, mint a tapasztaltabb gener\u00e1ci\u00f3, akik sok esetben napi 12-14 \u00f3r\u00e1t dolgoznak. Ebb\u0151l kifoly\u00f3lag a v\u00e1rhat\u00f3 \u00e9letkor is kitol\u00f3dik, mert k\u00e9pesek jobban megteremteni az egyens\u00falyt a munka, a csal\u00e1d \u00e9s a pihen\u00e9s k\u00f6z\u00f6tt. Ez el\u00e9g j\u00f3 hossz\u00fa t\u00e1v\u00fa befektet\u00e9snek bizonyul.<\/p>\r\n<p>- K\u00f6nnyen \u00e9s sz\u00edvesen tanulnak, j\u00f3l tan\u00edthat\u00f3ak, kicsi korukt\u00f3l m\u00e1r az informatika vil\u00e1g\u00e1ban szocializ\u00e1l\u00f3dtak, az, ami a tapasztaltabb gener\u00e1ci\u00f3nak megtanuland\u00f3 ismeret vagy fejlesztend\u0151 k\u00e9szs\u00e9g, az neki teljess\u00e9ggel term\u00e9szetes lehet.<\/p>\r\n<p>- Mobilak, j\u00f3l kezelik a v\u00e1ltoz\u00e1st. Teljesen term\u00e9szetes nekik ak\u00e1r a nemzetk\u00f6zi munkav\u00e1llal\u00e1s is, j\u00f3l besz\u00e9lik a nyelveket.<\/p>\r\n<p>Innovat\u00edv szervezetek sz\u00edvesen dolgoznak egy\u00fctt ezzel a gener\u00e1ci\u00f3val \u00e9s javaslom is, hogy aki szeretne \u00faj sz\u00ednt, lend\u00fcletet, szeml\u00e9letv\u00e1lt\u00e1st vinni a csapat\u00e1ba, pr\u00f3b\u00e1lja ki, ak\u00e1r gyakornokk\u00e9nt egy Z\u00e9 gener\u00e1ci\u00f3s munkaer\u0151ben rejl\u0151 k\u00e9pess\u00e9geket!<\/p>\r\n<p>S.E.<\/p>","type":"rich"}